{"id":6062,"date":"2020-04-24T16:40:24","date_gmt":"2020-04-24T14:40:24","guid":{"rendered":"https:\/\/demo.alfierirooms.com\/?page_id=6062"},"modified":"2024-04-02T11:56:33","modified_gmt":"2024-04-02T09:56:33","slug":"contatti","status":"publish","type":"page","link":"https:\/\/alfieri-immobiliare.com\/es\/contatti\/","title":{"rendered":"Contactos"},"content":{"rendered":"<div class=\"wpb-content-wrapper\"><p>[vc_row][vc_column]<div style=\"clear:both; width:100%; height:20px\"><\/div>[\/vc_column][\/vc_row][vc_row][vc_column width=&#8221;7\/12&#8243;]\t\t<div class=\"homey-module module-title section-title-module text-left \">\r\n\t\t\t<h2 >Contactos<\/h2>\r\n\r\n\t\t\t<p  class=\"sub-heading\"><\/p>\r\n\t\t<\/div>\r\n\t\t[vc_column_text]Cont\u00e1ctanos para obtener m\u00e1s informaci\u00f3n o para reservar un apartamento, puedes hacerlo a trav\u00e9s del siguiente formulario o llam\u00e1ndonos al +39 339 2211709[\/vc_column_text]\n<div class=\"wpcf7 no-js\" id=\"wpcf7-f6347-o1\" lang=\"\" dir=\"ltr\" data-wpcf7-id=\"6347\">\n<div class=\"screen-reader-response\"><p role=\"status\" aria-live=\"polite\" aria-atomic=\"true\"><\/p> <ul><\/ul><\/div>\n<form action=\"\/es\/wp-json\/wp\/v2\/pages\/6062#wpcf7-f6347-o1\" method=\"post\" class=\"wpcf7-form init\" aria-label=\"Formulario de contacto\" novalidate=\"novalidate\" data-status=\"init\">\n<fieldset class=\"hidden-fields-container\"><input type=\"hidden\" name=\"_wpcf7\" value=\"6347\" \/><input type=\"hidden\" name=\"_wpcf7_version\" value=\"6.1.5\" \/><input type=\"hidden\" name=\"_wpcf7_locale\" value=\"\" \/><input type=\"hidden\" name=\"_wpcf7_unit_tag\" value=\"wpcf7-f6347-o1\" \/><input type=\"hidden\" name=\"_wpcf7_container_post\" value=\"0\" \/><input type=\"hidden\" name=\"_wpcf7_posted_data_hash\" value=\"\" \/>\n<\/fieldset>\n<div class=\"form-group\">\n\t<p><label class=\"required\" for=\"yourName\">Tu nombre<\/label><br \/>\n<span class=\"wpcf7-form-control-wrap\" data-name=\"your-name\"><input size=\"40\" maxlength=\"400\" class=\"wpcf7-form-control wpcf7-text wpcf7-validates-as-required form-control\" aria-required=\"true\" aria-invalid=\"false\" value=\"\" type=\"text\" name=\"your-name\" \/><\/span>\n\t<\/p>\n<\/div>\n<div class=\"form-group\">\n\t<p><label class=\"required\" for=\"yourEmail\">Tu correo electr\u00f3nico<\/label><br \/>\n<span class=\"wpcf7-form-control-wrap\" data-name=\"your-email\"><input size=\"40\" maxlength=\"400\" class=\"wpcf7-form-control wpcf7-email wpcf7-validates-as-required wpcf7-text wpcf7-validates-as-email form-control\" aria-required=\"true\" aria-invalid=\"false\" value=\"\" type=\"email\" name=\"your-email\" \/><\/span>\n\t<\/p>\n<\/div>\n<div class=\"form-group\">\n\t<p><label class=\"required\" for=\"yourSubject\">Asunto <\/label><br \/>\n<span class=\"wpcf7-form-control-wrap\" data-name=\"your-subject\"><input size=\"40\" maxlength=\"400\" class=\"wpcf7-form-control wpcf7-text wpcf7-validates-as-required form-control\" aria-required=\"true\" aria-invalid=\"false\" value=\"\" type=\"text\" name=\"your-subject\" \/><\/span>\n\t<\/p>\n<\/div>\n<div class=\"form-group\">\n\t<p><label class=\"required\" for=\"yourMessage\">Tu mensaje <\/label><br \/>\n<span class=\"wpcf7-form-control-wrap\" data-name=\"your-message\"><textarea cols=\"40\" rows=\"10\" maxlength=\"2000\" class=\"wpcf7-form-control wpcf7-textarea wpcf7-validates-as-required form-control\" aria-required=\"true\" aria-invalid=\"false\" name=\"your-message\"><\/textarea><\/span>\n\t<\/p>\n<\/div>\n<p class=\"gdpr\"><span class=\"wpcf7-form-control-wrap\" data-name=\"gdpr-consent\"><span class=\"wpcf7-form-control wpcf7-acceptance\"><span class=\"wpcf7-list-item\"><input type=\"checkbox\" name=\"gdpr-consent\" value=\"1\" class=\"form-control-checkbox\" aria-invalid=\"false\" \/><\/span><\/span><\/span> Acepto el procesamiento de mis datos personales para recibir una respuesta a mi mensaje, como se indica en la Pol\u00edtica de privacidad del sitio.\n<\/p>\n<p><input class=\"wpcf7-form-control wpcf7-submit has-spinner btn btn-primary\" type=\"submit\" value=\"Enviar\" \/>\n<\/p><input type=\"text\" name=\"3xUAs\" value=\"\" style=\"display: none !important;\" \/><div class=\"wpcf7-response-output\" aria-hidden=\"true\"><\/div>\n<\/form>\n<\/div>\n[\/vc_column][vc_column width=&#8221;1\/12&#8243;][\/vc_column][vc_column width=&#8221;4\/12&#8243;][vc_column_text css=&#8221;.vc_custom_1712051783135{padding-top: 30px !important;padding-right: 30px !important;padding-bottom: 30px !important;padding-left: 30px !important;background-color: #ffffff !important;}&#8221;]<\/p>\n<h3>Contacto directo<\/h3>\n<p><strong>Tel\u00e9fono<\/strong>: <a href=\"tel:+393392211709\" target=\"_blank\" rel=\"noopener noreferrer\">+39 3392211709<\/a><br \/>\n<strong>Correo electr\u00f3nico<\/strong>: <a href=\"mailto:info@alfierirooms.com\" target=\"_blank\" rel=\"noopener noreferrer\">info@alfierirooms.com<\/a><\/p>\n<p><img fetchpriority=\"high\" decoding=\"async\" class=\"alignnone wp-image-8155 size-medium\" src=\"https:\/\/alfieri-immobiliare.com\/wp-content\/uploads\/2023\/02\/foto-luca-manu-anastasio-1-200x300.jpg\" alt=\"\" width=\"200\" height=\"300\" srcset=\"https:\/\/alfieri-immobiliare.com\/wp-content\/uploads\/2023\/02\/foto-luca-manu-anastasio-1-200x300.jpg 200w, https:\/\/alfieri-immobiliare.com\/wp-content\/uploads\/2023\/02\/foto-luca-manu-anastasio-1-560x841.jpg 560w, https:\/\/alfieri-immobiliare.com\/wp-content\/uploads\/2023\/02\/foto-luca-manu-anastasio-1-682x1024.jpg 682w, https:\/\/alfieri-immobiliare.com\/wp-content\/uploads\/2023\/02\/foto-luca-manu-anastasio-1-768x1153.jpg 768w, https:\/\/alfieri-immobiliare.com\/wp-content\/uploads\/2023\/02\/foto-luca-manu-anastasio-1-1023x1536.jpg 1023w, https:\/\/alfieri-immobiliare.com\/wp-content\/uploads\/2023\/02\/foto-luca-manu-anastasio-1-333x500.jpg 333w, https:\/\/alfieri-immobiliare.com\/wp-content\/uploads\/2023\/02\/foto-luca-manu-anastasio-1.jpg 1066w\" sizes=\"(max-width: 200px) 100vw, 200px\" \/><\/p>\n<div class=\"vce-row-container\">\n<div id=\"el-002c3f25\" class=\"vce-row vce-row--col-gap-30 vce-row-columns--top vce-row-content--top\" data-vce-do-apply=\"all el-002c3f25\">\n<div class=\"vce-row-content\" data-vce-element-content=\"true\">\n<div id=\"el-b1143a13\" class=\"vce-col vce-col--md-100p vce-col--xs-1 vce-col--xs-last vce-col--xs-first vce-col--sm-last vce-col--sm-first vce-col--md-last vce-col--lg-last vce-col--xl-last vce-col--md-first vce-col--lg-first vce-col--xl-first\" data-vce-do-apply=\"background el-b1143a13\">\n<div class=\"vce-col-inner\" data-vce-element-content=\"true\" data-vce-do-apply=\"padding margin border el-b1143a13\">\n<div class=\"vce-text-block\">\n<div id=\"el-4a5ed217\" class=\"vce-text-block-wrapper vce\" data-vce-do-apply=\"all el-4a5ed217\">\n<hr \/>\n<h3 style=\"text-align: left;\">Como llegar<\/h3>\n<p><center>(Haga clic en las im\u00e1genes para obtener m\u00e1s informaci\u00f3n)<\/center><center><br \/>\n<a href=\"https:\/\/alfieri-immobiliare.com\/contatti\/auto-2\/\" target=\"_blank\" rel=\"noopener noreferrer\"><img decoding=\"async\" class=\"alignnone wp-image-1058 size-full\" src=\"https:\/\/alfieri-immobiliare.com\/wp-content\/uploads\/2017\/11\/Auto.png\" alt=\"\" width=\"96\" height=\"96\" \/><\/a> <a href=\"https:\/\/alfieri-immobiliare.com\/contatti\/bus\/\" target=\"_blank\" rel=\"noopener noreferrer\"><img decoding=\"async\" class=\"alignnone wp-image-1062 size-full\" src=\"https:\/\/alfieri-immobiliare.com\/wp-content\/uploads\/2017\/11\/Pulman.png\" alt=\"\" width=\"96\" height=\"96\" \/><\/a> <a href=\"https:\/\/alfieri-immobiliare.com\/contatti\/aereo-2\/\" target=\"_blank\" rel=\"noopener noreferrer\"><img loading=\"lazy\" decoding=\"async\" class=\"alignnone wp-image-1059 size-full\" src=\"https:\/\/alfieri-immobiliare.com\/wp-content\/uploads\/2017\/11\/Aereo.png\" alt=\"\" width=\"96\" height=\"96\" \/><\/a> <a href=\"https:\/\/alfieri-immobiliare.com\/contatti\/mare\/\" target=\"_blank\" rel=\"noopener noreferrer\"><img loading=\"lazy\" decoding=\"async\" class=\"alignnone wp-image-1061 size-full\" src=\"https:\/\/alfieri-immobiliare.com\/wp-content\/uploads\/2017\/11\/Aliscafo.png\" alt=\"\" width=\"96\" height=\"96\" \/><\/a> <a href=\"https:\/\/alfieri-immobiliare.com\/contatti\/treno-2\/\" target=\"_blank\" rel=\"noopener noreferrer\"><img loading=\"lazy\" decoding=\"async\" class=\"alignnone wp-image-1060 size-full\" src=\"https:\/\/alfieri-immobiliare.com\/wp-content\/uploads\/2017\/11\/Treno.png\" alt=\"\" width=\"96\" height=\"96\" \/><\/a><a href=\"https:\/\/alfieri-immobiliare.com\/parcheggio-luna-rossa\/\"><img loading=\"lazy\" decoding=\"async\" class=\"alignnone wp-image-5455 size-full\" src=\"https:\/\/alfieri-immobiliare.com\/wp-content\/uploads\/2020\/03\/Feature_parking.svg_-e1583933111730.png\" alt=\"\" width=\"96\" height=\"96\" \/><\/a><\/center>&nbsp;<\/p>\n<\/div>\n<\/div>\n<\/div>\n<\/div>\n<\/div>\n<\/div>\n<\/div>\n<p>[\/vc_column_text][\/vc_column][\/vc_row][vc_row][vc_column]<div style=\"clear:both; width:100%; height:50px\"><\/div>[\/vc_column][\/vc_row]<\/p>\n<\/div>","protected":false},"excerpt":{"rendered":"<p>[vc_row][vc_column][\/vc_column][\/vc_row][vc_row][vc_column width=&#8221;7\/12&#8243;][vc_column_text]Cont\u00e1ctanos para obtener m\u00e1s informaci\u00f3n o para reservar un apartamento, puedes hacerlo a trav\u00e9s del siguiente formulario o llam\u00e1ndonos al +39 339 2211709[\/vc_column_text][\/vc_column][vc_column width=&#8221;1\/12&#8243;][\/vc_column][vc_column width=&#8221;4\/12&#8243;][vc_column_text css=&#8221;.vc_custom_1712051783135{padding-top: 30px !important;padding-right: 30px !important;padding-bottom: 30px !important;padding-left: 30px !important;background-color: [&hellip;]<\/p>\n","protected":false},"author":3,"featured_media":0,"parent":0,"menu_order":0,"comment_status":"closed","ping_status":"closed","template":"template\/template-homepage.php","meta":{"footnotes":""},"class_list":["post-6062","page","type-page","status-publish","hentry"],"yoast_head":"<!-- This site is optimized with the Yoast SEO plugin v27.4 - https:\/\/yoast.com\/product\/yoast-seo-wordpress\/ -->\n<title>Contactos - Alfieri Immobiliare - Amalfi - Real estate &amp; Vacation rentals<\/title>\n<meta name=\"robots\" content=\"index, follow, max-snippet:-1, max-image-preview:large, max-video-preview:-1\" \/>\n<link rel=\"canonical\" href=\"https:\/\/alfieri-immobiliare.com\/es\/contatti\/\" \/>\n<meta property=\"og:locale\" content=\"es_ES\" \/>\n<meta property=\"og:type\" content=\"article\" \/>\n<meta property=\"og:title\" content=\"Contactos - Alfieri Immobiliare - Amalfi - Real estate &amp; Vacation rentals\" \/>\n<meta property=\"og:description\" content=\"[vc_row][vc_column][\/vc_column][\/vc_row][vc_row][vc_column width=&#8221;7\/12&#8243;][vc_column_text]Cont\u00e1ctanos para obtener m\u00e1s informaci\u00f3n o para reservar un apartamento, puedes hacerlo a trav\u00e9s del siguiente formulario o llam\u00e1ndonos al +39 339 2211709[\/vc_column_text][\/vc_column][vc_column width=&#8221;1\/12&#8243;][\/vc_column][vc_column width=&#8221;4\/12&#8243;][vc_column_text css=&#8221;.vc_custom_1712051783135{padding-top: 30px !important;padding-right: 30px !important;padding-bottom: 30px !important;padding-left: 30px !important;background-color: [&hellip;]\" \/>\n<meta property=\"og:url\" content=\"https:\/\/alfieri-immobiliare.com\/es\/contatti\/\" \/>\n<meta property=\"og:site_name\" content=\"Alfieri Immobiliare - Amalfi - Real estate &amp; Vacation rentals\" \/>\n<meta property=\"article:modified_time\" content=\"2024-04-02T09:56:33+00:00\" \/>\n<meta property=\"og:image\" content=\"https:\/\/alfieri-immobiliare.com\/wp-content\/uploads\/2023\/02\/foto-luca-manu-anastasio-1-200x300.jpg\" \/>\n<meta name=\"twitter:card\" content=\"summary_large_image\" \/>\n<meta name=\"twitter:label1\" content=\"Tiempo de lectura\" \/>\n\t<meta name=\"twitter:data1\" content=\"2 minutos\" \/>\n<script type=\"application\/ld+json\" class=\"yoast-schema-graph\">{\"@context\":\"https:\\\/\\\/schema.org\",\"@graph\":[{\"@type\":\"WebPage\",\"@id\":\"https:\\\/\\\/alfieri-immobiliare.com\\\/es\\\/contatti\\\/\",\"url\":\"https:\\\/\\\/alfieri-immobiliare.com\\\/es\\\/contatti\\\/\",\"name\":\"Contactos - Alfieri Immobiliare - Amalfi - Real estate & Vacation rentals\",\"isPartOf\":{\"@id\":\"https:\\\/\\\/alfieri-immobiliare.com\\\/es\\\/#website\"},\"primaryImageOfPage\":{\"@id\":\"https:\\\/\\\/alfieri-immobiliare.com\\\/es\\\/contatti\\\/#primaryimage\"},\"image\":{\"@id\":\"https:\\\/\\\/alfieri-immobiliare.com\\\/es\\\/contatti\\\/#primaryimage\"},\"thumbnailUrl\":\"https:\\\/\\\/alfieri-immobiliare.com\\\/wp-content\\\/uploads\\\/2023\\\/02\\\/foto-luca-manu-anastasio-1-200x300.jpg\",\"datePublished\":\"2020-04-24T14:40:24+00:00\",\"dateModified\":\"2024-04-02T09:56:33+00:00\",\"breadcrumb\":{\"@id\":\"https:\\\/\\\/alfieri-immobiliare.com\\\/es\\\/contatti\\\/#breadcrumb\"},\"inLanguage\":\"es\",\"potentialAction\":[{\"@type\":\"ReadAction\",\"target\":[\"https:\\\/\\\/alfieri-immobiliare.com\\\/es\\\/contatti\\\/\"]}]},{\"@type\":\"ImageObject\",\"inLanguage\":\"es\",\"@id\":\"https:\\\/\\\/alfieri-immobiliare.com\\\/es\\\/contatti\\\/#primaryimage\",\"url\":\"https:\\\/\\\/alfieri-immobiliare.com\\\/wp-content\\\/uploads\\\/2023\\\/02\\\/foto-luca-manu-anastasio-1-200x300.jpg\",\"contentUrl\":\"https:\\\/\\\/alfieri-immobiliare.com\\\/wp-content\\\/uploads\\\/2023\\\/02\\\/foto-luca-manu-anastasio-1-200x300.jpg\"},{\"@type\":\"BreadcrumbList\",\"@id\":\"https:\\\/\\\/alfieri-immobiliare.com\\\/es\\\/contatti\\\/#breadcrumb\",\"itemListElement\":[{\"@type\":\"ListItem\",\"position\":1,\"name\":\"Home\",\"item\":\"https:\\\/\\\/alfieri-immobiliare.com\\\/es\\\/nuova-home\\\/\"},{\"@type\":\"ListItem\",\"position\":2,\"name\":\"Contactos\"}]},{\"@type\":\"WebSite\",\"@id\":\"https:\\\/\\\/alfieri-immobiliare.com\\\/es\\\/#website\",\"url\":\"https:\\\/\\\/alfieri-immobiliare.com\\\/es\\\/\",\"name\":\"Alfieri Immobiliare - Amalfi - Real estate & Vacation rentals\",\"description\":\"Real estate & Vacation rentals\",\"publisher\":{\"@id\":\"https:\\\/\\\/alfieri-immobiliare.com\\\/es\\\/#organization\"},\"potentialAction\":[{\"@type\":\"SearchAction\",\"target\":{\"@type\":\"EntryPoint\",\"urlTemplate\":\"https:\\\/\\\/alfieri-immobiliare.com\\\/es\\\/?s={search_term_string}\"},\"query-input\":{\"@type\":\"PropertyValueSpecification\",\"valueRequired\":true,\"valueName\":\"search_term_string\"}}],\"inLanguage\":\"es\"},{\"@type\":\"Organization\",\"@id\":\"https:\\\/\\\/alfieri-immobiliare.com\\\/es\\\/#organization\",\"name\":\"Alfieri Rooms\",\"url\":\"https:\\\/\\\/alfieri-immobiliare.com\\\/es\\\/\",\"logo\":{\"@type\":\"ImageObject\",\"inLanguage\":\"es\",\"@id\":\"https:\\\/\\\/alfieri-immobiliare.com\\\/es\\\/#\\\/schema\\\/logo\\\/image\\\/\",\"url\":\"https:\\\/\\\/alfieri-immobiliare.com\\\/wp-content\\\/uploads\\\/2019\\\/04\\\/alfieri-rooms-logo-white.png\",\"contentUrl\":\"https:\\\/\\\/alfieri-immobiliare.com\\\/wp-content\\\/uploads\\\/2019\\\/04\\\/alfieri-rooms-logo-white.png\",\"width\":128,\"height\":30,\"caption\":\"Alfieri Rooms\"},\"image\":{\"@id\":\"https:\\\/\\\/alfieri-immobiliare.com\\\/es\\\/#\\\/schema\\\/logo\\\/image\\\/\"}}]}<\/script>\n<!-- \/ Yoast SEO plugin. -->","yoast_head_json":{"title":"Contactos - Alfieri Immobiliare - Amalfi - Real estate & Vacation rentals","robots":{"index":"index","follow":"follow","max-snippet":"max-snippet:-1","max-image-preview":"max-image-preview:large","max-video-preview":"max-video-preview:-1"},"canonical":"https:\/\/alfieri-immobiliare.com\/es\/contatti\/","og_locale":"es_ES","og_type":"article","og_title":"Contactos - Alfieri Immobiliare - Amalfi - Real estate & Vacation rentals","og_description":"[vc_row][vc_column][\/vc_column][\/vc_row][vc_row][vc_column width=&#8221;7\/12&#8243;][vc_column_text]Cont\u00e1ctanos para obtener m\u00e1s informaci\u00f3n o para reservar un apartamento, puedes hacerlo a trav\u00e9s del siguiente formulario o llam\u00e1ndonos al +39 339 2211709[\/vc_column_text][\/vc_column][vc_column width=&#8221;1\/12&#8243;][\/vc_column][vc_column width=&#8221;4\/12&#8243;][vc_column_text css=&#8221;.vc_custom_1712051783135{padding-top: 30px !important;padding-right: 30px !important;padding-bottom: 30px !important;padding-left: 30px !important;background-color: [&hellip;]","og_url":"https:\/\/alfieri-immobiliare.com\/es\/contatti\/","og_site_name":"Alfieri Immobiliare - Amalfi - Real estate & Vacation rentals","article_modified_time":"2024-04-02T09:56:33+00:00","og_image":[{"url":"https:\/\/alfieri-immobiliare.com\/wp-content\/uploads\/2023\/02\/foto-luca-manu-anastasio-1-200x300.jpg","type":"","width":"","height":""}],"twitter_card":"summary_large_image","twitter_misc":{"Tiempo de lectura":"2 minutos"},"schema":{"@context":"https:\/\/schema.org","@graph":[{"@type":"WebPage","@id":"https:\/\/alfieri-immobiliare.com\/es\/contatti\/","url":"https:\/\/alfieri-immobiliare.com\/es\/contatti\/","name":"Contactos - Alfieri Immobiliare - Amalfi - Real estate & Vacation rentals","isPartOf":{"@id":"https:\/\/alfieri-immobiliare.com\/es\/#website"},"primaryImageOfPage":{"@id":"https:\/\/alfieri-immobiliare.com\/es\/contatti\/#primaryimage"},"image":{"@id":"https:\/\/alfieri-immobiliare.com\/es\/contatti\/#primaryimage"},"thumbnailUrl":"https:\/\/alfieri-immobiliare.com\/wp-content\/uploads\/2023\/02\/foto-luca-manu-anastasio-1-200x300.jpg","datePublished":"2020-04-24T14:40:24+00:00","dateModified":"2024-04-02T09:56:33+00:00","breadcrumb":{"@id":"https:\/\/alfieri-immobiliare.com\/es\/contatti\/#breadcrumb"},"inLanguage":"es","potentialAction":[{"@type":"ReadAction","target":["https:\/\/alfieri-immobiliare.com\/es\/contatti\/"]}]},{"@type":"ImageObject","inLanguage":"es","@id":"https:\/\/alfieri-immobiliare.com\/es\/contatti\/#primaryimage","url":"https:\/\/alfieri-immobiliare.com\/wp-content\/uploads\/2023\/02\/foto-luca-manu-anastasio-1-200x300.jpg","contentUrl":"https:\/\/alfieri-immobiliare.com\/wp-content\/uploads\/2023\/02\/foto-luca-manu-anastasio-1-200x300.jpg"},{"@type":"BreadcrumbList","@id":"https:\/\/alfieri-immobiliare.com\/es\/contatti\/#breadcrumb","itemListElement":[{"@type":"ListItem","position":1,"name":"Home","item":"https:\/\/alfieri-immobiliare.com\/es\/nuova-home\/"},{"@type":"ListItem","position":2,"name":"Contactos"}]},{"@type":"WebSite","@id":"https:\/\/alfieri-immobiliare.com\/es\/#website","url":"https:\/\/alfieri-immobiliare.com\/es\/","name":"Alfieri Immobiliare - Amalfi - Real estate & Vacation rentals","description":"Real estate & Vacation rentals","publisher":{"@id":"https:\/\/alfieri-immobiliare.com\/es\/#organization"},"potentialAction":[{"@type":"SearchAction","target":{"@type":"EntryPoint","urlTemplate":"https:\/\/alfieri-immobiliare.com\/es\/?s={search_term_string}"},"query-input":{"@type":"PropertyValueSpecification","valueRequired":true,"valueName":"search_term_string"}}],"inLanguage":"es"},{"@type":"Organization","@id":"https:\/\/alfieri-immobiliare.com\/es\/#organization","name":"Alfieri Rooms","url":"https:\/\/alfieri-immobiliare.com\/es\/","logo":{"@type":"ImageObject","inLanguage":"es","@id":"https:\/\/alfieri-immobiliare.com\/es\/#\/schema\/logo\/image\/","url":"https:\/\/alfieri-immobiliare.com\/wp-content\/uploads\/2019\/04\/alfieri-rooms-logo-white.png","contentUrl":"https:\/\/alfieri-immobiliare.com\/wp-content\/uploads\/2019\/04\/alfieri-rooms-logo-white.png","width":128,"height":30,"caption":"Alfieri Rooms"},"image":{"@id":"https:\/\/alfieri-immobiliare.com\/es\/#\/schema\/logo\/image\/"}}]}},"_links":{"self":[{"href":"https:\/\/alfieri-immobiliare.com\/es\/wp-json\/wp\/v2\/pages\/6062","targetHints":{"allow":["GET"]}}],"collection":[{"href":"https:\/\/alfieri-immobiliare.com\/es\/wp-json\/wp\/v2\/pages"}],"about":[{"href":"https:\/\/alfieri-immobiliare.com\/es\/wp-json\/wp\/v2\/types\/page"}],"author":[{"embeddable":true,"href":"https:\/\/alfieri-immobiliare.com\/es\/wp-json\/wp\/v2\/users\/3"}],"replies":[{"embeddable":true,"href":"https:\/\/alfieri-immobiliare.com\/es\/wp-json\/wp\/v2\/comments?post=6062"}],"version-history":[{"count":1,"href":"https:\/\/alfieri-immobiliare.com\/es\/wp-json\/wp\/v2\/pages\/6062\/revisions"}],"predecessor-version":[{"id":9410,"href":"https:\/\/alfieri-immobiliare.com\/es\/wp-json\/wp\/v2\/pages\/6062\/revisions\/9410"}],"wp:attachment":[{"href":"https:\/\/alfieri-immobiliare.com\/es\/wp-json\/wp\/v2\/media?parent=6062"}],"curies":[{"name":"wp","href":"https:\/\/api.w.org\/{rel}","templated":true}]}}