{"id":7669,"date":"2022-04-15T18:37:21","date_gmt":"2022-04-15T16:37:21","guid":{"rendered":"https:\/\/demo.alfierirooms.com\/apartment\/lillas-house\/"},"modified":"2024-09-05T12:04:42","modified_gmt":"2024-09-05T10:04:42","slug":"lillas-house","status":"publish","type":"listing","link":"https:\/\/alfieri-immobiliare.com\/es\/apartment\/lillas-house\/","title":{"rendered":"Lilla&#8217;s House"},"content":{"rendered":"<p id=\"tw-target-text\" class=\"tw-data-text tw-text-large tw-ta\" dir=\"ltr\" data-placeholder=\"Traduzione\"><span class=\"Y2IQFc\" lang=\"es\">&#8220;LILLA&#8217;S House&#8221; tiene vistas a la Catedral de Amalfi. El apartamento de unos 80 metros cuadrados equipado con servicios, como Wi-Fi y aire acondicionado, dos televisores. Un luminoso sal\u00f3n, cocina equipada, ba\u00f1o con ba\u00f1era y dos amplios dormitorios dobles, con vistas al campanario del Duomo y al mar de fondo. Servicios p\u00fablicos, restaurantes, playas est\u00e1n a menos de 100 metros, as\u00ed como el muelle principal desde el que salen los ferries a los principales destinos de la costa: Positano, Capri, Ischia y N\u00e1poles.<\/span><\/p>\n<p dir=\"ltr\" data-placeholder=\"Traduzione\">CIN\u00a0 IT065006C2B8UXS2JT<\/p>\n","protected":false},"excerpt":{"rendered":"<p>&#8220;LILLA&#8217;S House&#8221; tiene vistas a la Catedral de Amalfi. El apartamento de unos 80 metros cuadrados equipado con servicios, como Wi-Fi y aire acondicionado, dos televisores. Un luminoso sal\u00f3n, cocina equipada, ba\u00f1o con ba\u00f1era y [&hellip;]<\/p>\n","protected":false},"author":3,"featured_media":7632,"parent":0,"menu_order":0,"template":"","listing_type":[327],"room_type":[331],"amenities":[332,355,343,380,344,437,342,448,347,335,438,435,408,426,356,345,339,387,340],"facilities":[360,361,365,363],"listing_countries":[366],"listing_states":[368],"listing_cities":[369],"listing_areas":[373],"class_list":["post-7669","listing","type-listing","status-publish","has-post-thumbnail","hentry","listing_type-apartamento","room_type-estructura-completa","listing_amenity-aire-acondicionado","listing_amenity-bano-con-banera","listing_amenity-cama-doble","listing_amenity-cama-matrimonial","listing_amenity-cama-supletoria-bajo-pedido","listing_amenity-cocina-es","listing_amenity-cocina-equipada","listing_amenity-ferro-da-stiro-es","listing_amenity-hervidor-electrico","listing_amenity-lavadora","listing_amenity-nevera-es","listing_amenity-sala-de-estar-con-sillones","listing_amenity-secador-de-pelo-es","listing_amenity-secador-de-pelo-es-2","listing_amenity-television-de-pantalla-plana","listing_amenity-toallas-y-sabanas","listing_amenity-tv","listing_amenity-tv-lcd","listing_amenity-wi-fi-es","listing_facility-farmacia-es","listing_facility-frente-la-playa","listing_facility-seguridad","listing_facility-tiendas-y-supermercados","listing_country-italia-es","listing_state-costa-amalfitana","listing_city-amalfi-es","listing_area-centro-historico"],"yoast_head":"<!-- This site is optimized with the Yoast SEO plugin v27.4 - https:\/\/yoast.com\/product\/yoast-seo-wordpress\/ -->\n<title>Lilla&#039;s House - Alfieri Immobiliare - Amalfi - Real estate &amp; Vacation rentals<\/title>\n<meta name=\"robots\" content=\"index, follow, max-snippet:-1, max-image-preview:large, max-video-preview:-1\" \/>\n<link rel=\"canonical\" href=\"https:\/\/alfieri-immobiliare.com\/es\/apartment\/lillas-house\/\" \/>\n<meta property=\"og:locale\" content=\"es_ES\" \/>\n<meta property=\"og:type\" content=\"article\" \/>\n<meta property=\"og:title\" content=\"Lilla&#039;s House - Alfieri Immobiliare - Amalfi - Real estate &amp; Vacation rentals\" \/>\n<meta property=\"og:description\" content=\"&#8220;LILLA&#8217;S House&#8221; tiene vistas a la Catedral de Amalfi. El apartamento de unos 80 metros cuadrados equipado con servicios, como Wi-Fi y aire acondicionado, dos televisores. Un luminoso sal\u00f3n, cocina equipada, ba\u00f1o con ba\u00f1era y [&hellip;]\" \/>\n<meta property=\"og:url\" content=\"https:\/\/alfieri-immobiliare.com\/es\/apartment\/lillas-house\/\" \/>\n<meta property=\"og:site_name\" content=\"Alfieri Immobiliare - Amalfi - Real estate &amp; Vacation rentals\" \/>\n<meta property=\"article:modified_time\" content=\"2024-09-05T10:04:42+00:00\" \/>\n<meta property=\"og:image\" content=\"https:\/\/alfieri-immobiliare.com\/wp-content\/uploads\/2022\/04\/21.jpg\" \/>\n\t<meta property=\"og:image:width\" content=\"1920\" \/>\n\t<meta property=\"og:image:height\" content=\"1280\" \/>\n\t<meta property=\"og:image:type\" content=\"image\/jpeg\" \/>\n<meta name=\"twitter:card\" content=\"summary_large_image\" \/>\n<meta name=\"twitter:label1\" content=\"Tiempo de lectura\" \/>\n\t<meta name=\"twitter:data1\" content=\"1 minuto\" \/>\n<script type=\"application\/ld+json\" class=\"yoast-schema-graph\">{\"@context\":\"https:\\\/\\\/schema.org\",\"@graph\":[{\"@type\":\"WebPage\",\"@id\":\"https:\\\/\\\/alfieri-immobiliare.com\\\/es\\\/apartment\\\/lillas-house\\\/\",\"url\":\"https:\\\/\\\/alfieri-immobiliare.com\\\/es\\\/apartment\\\/lillas-house\\\/\",\"name\":\"Lilla's House - Alfieri Immobiliare - Amalfi - Real estate & Vacation rentals\",\"isPartOf\":{\"@id\":\"https:\\\/\\\/alfieri-immobiliare.com\\\/es\\\/#website\"},\"primaryImageOfPage\":{\"@id\":\"https:\\\/\\\/alfieri-immobiliare.com\\\/es\\\/apartment\\\/lillas-house\\\/#primaryimage\"},\"image\":{\"@id\":\"https:\\\/\\\/alfieri-immobiliare.com\\\/es\\\/apartment\\\/lillas-house\\\/#primaryimage\"},\"thumbnailUrl\":\"https:\\\/\\\/alfieri-immobiliare.com\\\/wp-content\\\/uploads\\\/2022\\\/04\\\/21.jpg\",\"datePublished\":\"2022-04-15T16:37:21+00:00\",\"dateModified\":\"2024-09-05T10:04:42+00:00\",\"breadcrumb\":{\"@id\":\"https:\\\/\\\/alfieri-immobiliare.com\\\/es\\\/apartment\\\/lillas-house\\\/#breadcrumb\"},\"inLanguage\":\"es\",\"potentialAction\":[{\"@type\":\"ReadAction\",\"target\":[\"https:\\\/\\\/alfieri-immobiliare.com\\\/es\\\/apartment\\\/lillas-house\\\/\"]}]},{\"@type\":\"ImageObject\",\"inLanguage\":\"es\",\"@id\":\"https:\\\/\\\/alfieri-immobiliare.com\\\/es\\\/apartment\\\/lillas-house\\\/#primaryimage\",\"url\":\"https:\\\/\\\/alfieri-immobiliare.com\\\/wp-content\\\/uploads\\\/2022\\\/04\\\/21.jpg\",\"contentUrl\":\"https:\\\/\\\/alfieri-immobiliare.com\\\/wp-content\\\/uploads\\\/2022\\\/04\\\/21.jpg\",\"width\":1920,\"height\":1280},{\"@type\":\"BreadcrumbList\",\"@id\":\"https:\\\/\\\/alfieri-immobiliare.com\\\/es\\\/apartment\\\/lillas-house\\\/#breadcrumb\",\"itemListElement\":[{\"@type\":\"ListItem\",\"position\":1,\"name\":\"Home\",\"item\":\"https:\\\/\\\/alfieri-immobiliare.com\\\/es\\\/nuova-home\\\/\"},{\"@type\":\"ListItem\",\"position\":2,\"name\":\"Anuncio\",\"item\":\"https:\\\/\\\/alfieri-immobiliare.com\\\/es\\\/apartment\\\/\"},{\"@type\":\"ListItem\",\"position\":3,\"name\":\"Lilla&#8217;s House\"}]},{\"@type\":\"WebSite\",\"@id\":\"https:\\\/\\\/alfieri-immobiliare.com\\\/es\\\/#website\",\"url\":\"https:\\\/\\\/alfieri-immobiliare.com\\\/es\\\/\",\"name\":\"Alfieri Immobiliare - Amalfi - Real estate & Vacation rentals\",\"description\":\"Real estate & Vacation rentals\",\"publisher\":{\"@id\":\"https:\\\/\\\/alfieri-immobiliare.com\\\/es\\\/#organization\"},\"potentialAction\":[{\"@type\":\"SearchAction\",\"target\":{\"@type\":\"EntryPoint\",\"urlTemplate\":\"https:\\\/\\\/alfieri-immobiliare.com\\\/es\\\/?s={search_term_string}\"},\"query-input\":{\"@type\":\"PropertyValueSpecification\",\"valueRequired\":true,\"valueName\":\"search_term_string\"}}],\"inLanguage\":\"es\"},{\"@type\":\"Organization\",\"@id\":\"https:\\\/\\\/alfieri-immobiliare.com\\\/es\\\/#organization\",\"name\":\"Alfieri Rooms\",\"url\":\"https:\\\/\\\/alfieri-immobiliare.com\\\/es\\\/\",\"logo\":{\"@type\":\"ImageObject\",\"inLanguage\":\"es\",\"@id\":\"https:\\\/\\\/alfieri-immobiliare.com\\\/es\\\/#\\\/schema\\\/logo\\\/image\\\/\",\"url\":\"https:\\\/\\\/alfieri-immobiliare.com\\\/wp-content\\\/uploads\\\/2019\\\/04\\\/alfieri-rooms-logo-white.png\",\"contentUrl\":\"https:\\\/\\\/alfieri-immobiliare.com\\\/wp-content\\\/uploads\\\/2019\\\/04\\\/alfieri-rooms-logo-white.png\",\"width\":128,\"height\":30,\"caption\":\"Alfieri Rooms\"},\"image\":{\"@id\":\"https:\\\/\\\/alfieri-immobiliare.com\\\/es\\\/#\\\/schema\\\/logo\\\/image\\\/\"}}]}<\/script>\n<!-- \/ Yoast SEO plugin. -->","yoast_head_json":{"title":"Lilla's House - Alfieri Immobiliare - Amalfi - Real estate & Vacation rentals","robots":{"index":"index","follow":"follow","max-snippet":"max-snippet:-1","max-image-preview":"max-image-preview:large","max-video-preview":"max-video-preview:-1"},"canonical":"https:\/\/alfieri-immobiliare.com\/es\/apartment\/lillas-house\/","og_locale":"es_ES","og_type":"article","og_title":"Lilla's House - Alfieri Immobiliare - Amalfi - Real estate & Vacation rentals","og_description":"&#8220;LILLA&#8217;S House&#8221; tiene vistas a la Catedral de Amalfi. El apartamento de unos 80 metros cuadrados equipado con servicios, como Wi-Fi y aire acondicionado, dos televisores. Un luminoso sal\u00f3n, cocina equipada, ba\u00f1o con ba\u00f1era y [&hellip;]","og_url":"https:\/\/alfieri-immobiliare.com\/es\/apartment\/lillas-house\/","og_site_name":"Alfieri Immobiliare - Amalfi - Real estate & Vacation rentals","article_modified_time":"2024-09-05T10:04:42+00:00","og_image":[{"width":1920,"height":1280,"url":"https:\/\/alfieri-immobiliare.com\/wp-content\/uploads\/2022\/04\/21.jpg","type":"image\/jpeg"}],"twitter_card":"summary_large_image","twitter_misc":{"Tiempo de lectura":"1 minuto"},"schema":{"@context":"https:\/\/schema.org","@graph":[{"@type":"WebPage","@id":"https:\/\/alfieri-immobiliare.com\/es\/apartment\/lillas-house\/","url":"https:\/\/alfieri-immobiliare.com\/es\/apartment\/lillas-house\/","name":"Lilla's House - Alfieri Immobiliare - Amalfi - Real estate & Vacation rentals","isPartOf":{"@id":"https:\/\/alfieri-immobiliare.com\/es\/#website"},"primaryImageOfPage":{"@id":"https:\/\/alfieri-immobiliare.com\/es\/apartment\/lillas-house\/#primaryimage"},"image":{"@id":"https:\/\/alfieri-immobiliare.com\/es\/apartment\/lillas-house\/#primaryimage"},"thumbnailUrl":"https:\/\/alfieri-immobiliare.com\/wp-content\/uploads\/2022\/04\/21.jpg","datePublished":"2022-04-15T16:37:21+00:00","dateModified":"2024-09-05T10:04:42+00:00","breadcrumb":{"@id":"https:\/\/alfieri-immobiliare.com\/es\/apartment\/lillas-house\/#breadcrumb"},"inLanguage":"es","potentialAction":[{"@type":"ReadAction","target":["https:\/\/alfieri-immobiliare.com\/es\/apartment\/lillas-house\/"]}]},{"@type":"ImageObject","inLanguage":"es","@id":"https:\/\/alfieri-immobiliare.com\/es\/apartment\/lillas-house\/#primaryimage","url":"https:\/\/alfieri-immobiliare.com\/wp-content\/uploads\/2022\/04\/21.jpg","contentUrl":"https:\/\/alfieri-immobiliare.com\/wp-content\/uploads\/2022\/04\/21.jpg","width":1920,"height":1280},{"@type":"BreadcrumbList","@id":"https:\/\/alfieri-immobiliare.com\/es\/apartment\/lillas-house\/#breadcrumb","itemListElement":[{"@type":"ListItem","position":1,"name":"Home","item":"https:\/\/alfieri-immobiliare.com\/es\/nuova-home\/"},{"@type":"ListItem","position":2,"name":"Anuncio","item":"https:\/\/alfieri-immobiliare.com\/es\/apartment\/"},{"@type":"ListItem","position":3,"name":"Lilla&#8217;s House"}]},{"@type":"WebSite","@id":"https:\/\/alfieri-immobiliare.com\/es\/#website","url":"https:\/\/alfieri-immobiliare.com\/es\/","name":"Alfieri Immobiliare - Amalfi - Real estate & Vacation rentals","description":"Real estate & Vacation rentals","publisher":{"@id":"https:\/\/alfieri-immobiliare.com\/es\/#organization"},"potentialAction":[{"@type":"SearchAction","target":{"@type":"EntryPoint","urlTemplate":"https:\/\/alfieri-immobiliare.com\/es\/?s={search_term_string}"},"query-input":{"@type":"PropertyValueSpecification","valueRequired":true,"valueName":"search_term_string"}}],"inLanguage":"es"},{"@type":"Organization","@id":"https:\/\/alfieri-immobiliare.com\/es\/#organization","name":"Alfieri Rooms","url":"https:\/\/alfieri-immobiliare.com\/es\/","logo":{"@type":"ImageObject","inLanguage":"es","@id":"https:\/\/alfieri-immobiliare.com\/es\/#\/schema\/logo\/image\/","url":"https:\/\/alfieri-immobiliare.com\/wp-content\/uploads\/2019\/04\/alfieri-rooms-logo-white.png","contentUrl":"https:\/\/alfieri-immobiliare.com\/wp-content\/uploads\/2019\/04\/alfieri-rooms-logo-white.png","width":128,"height":30,"caption":"Alfieri Rooms"},"image":{"@id":"https:\/\/alfieri-immobiliare.com\/es\/#\/schema\/logo\/image\/"}}]}},"_links":{"self":[{"href":"https:\/\/alfieri-immobiliare.com\/es\/wp-json\/wp\/v2\/listings\/7669","targetHints":{"allow":["GET"]}}],"collection":[{"href":"https:\/\/alfieri-immobiliare.com\/es\/wp-json\/wp\/v2\/listings"}],"about":[{"href":"https:\/\/alfieri-immobiliare.com\/es\/wp-json\/wp\/v2\/types\/listing"}],"author":[{"embeddable":true,"href":"https:\/\/alfieri-immobiliare.com\/es\/wp-json\/wp\/v2\/users\/3"}],"version-history":[{"count":2,"href":"https:\/\/alfieri-immobiliare.com\/es\/wp-json\/wp\/v2\/listings\/7669\/revisions"}],"predecessor-version":[{"id":9928,"href":"https:\/\/alfieri-immobiliare.com\/es\/wp-json\/wp\/v2\/listings\/7669\/revisions\/9928"}],"wp:featuredmedia":[{"embeddable":true,"href":"https:\/\/alfieri-immobiliare.com\/es\/wp-json\/wp\/v2\/media\/7632"}],"wp:attachment":[{"href":"https:\/\/alfieri-immobiliare.com\/es\/wp-json\/wp\/v2\/media?parent=7669"}],"wp:term":[{"taxonomy":"listing_type","embeddable":true,"href":"https:\/\/alfieri-immobiliare.com\/es\/wp-json\/wp\/v2\/listing_type?post=7669"},{"taxonomy":"room_type","embeddable":true,"href":"https:\/\/alfieri-immobiliare.com\/es\/wp-json\/wp\/v2\/room_type?post=7669"},{"taxonomy":"listing_amenity","embeddable":true,"href":"https:\/\/alfieri-immobiliare.com\/es\/wp-json\/wp\/v2\/amenities?post=7669"},{"taxonomy":"listing_facility","embeddable":true,"href":"https:\/\/alfieri-immobiliare.com\/es\/wp-json\/wp\/v2\/facilities?post=7669"},{"taxonomy":"listing_country","embeddable":true,"href":"https:\/\/alfieri-immobiliare.com\/es\/wp-json\/wp\/v2\/listing_countries?post=7669"},{"taxonomy":"listing_state","embeddable":true,"href":"https:\/\/alfieri-immobiliare.com\/es\/wp-json\/wp\/v2\/listing_states?post=7669"},{"taxonomy":"listing_city","embeddable":true,"href":"https:\/\/alfieri-immobiliare.com\/es\/wp-json\/wp\/v2\/listing_cities?post=7669"},{"taxonomy":"listing_area","embeddable":true,"href":"https:\/\/alfieri-immobiliare.com\/es\/wp-json\/wp\/v2\/listing_areas?post=7669"}],"curies":[{"name":"wp","href":"https:\/\/api.w.org\/{rel}","templated":true}]}}