{"id":4927,"date":"2020-02-15T08:03:37","date_gmt":"2020-02-15T07:03:37","guid":{"rendered":"https:\/\/demo.alfierirooms.com\/apartment\/villa-la-rosa-dei-venti\/"},"modified":"2024-05-10T18:08:09","modified_gmt":"2024-05-10T16:08:09","slug":"gioiello","status":"publish","type":"listing","link":"https:\/\/alfieri-immobiliare.com\/es\/apartment\/gioiello\/","title":{"rendered":"Villa Gioiello"},"content":{"rendered":"<p>La villa &#8220;Gioiello &#8221; es una maravillosa estructura extra lujo con vista al mar ubicada en el municipio de Minori (a 2 km de Amalfi) en la zona llamada &#8220;Torre Paradiso&#8221;.<\/p>\n<p>Est\u00e1 ubicada en un contexto exclusivo de rara belleza natural perfectamente integrado con el entorno y concentra las mejores vistas de la zona ofreciendo una vista impresionante del mar cristalino de la Costa de Amalfi. Se puede disfrutar de momentos de relajaci\u00f3n en un ambiente rom\u00e1ntico y encantador.<\/p>\n<p>La villa tiene 3 dormitorios, 3 ba\u00f1os, sal\u00f3n con cocina equipada y balc\u00f3n con vista al mar, lavadora y secadora, una gran terraza de 150 metros cuadrados con jacuzzi, solarium, cocina al aire libre y una maravillosa vista al mar.<\/p>\n","protected":false},"excerpt":{"rendered":"<p>La villa &#8220;Gioiello &#8221; es una maravillosa estructura extra lujo con vista al mar ubicada en el municipio de Minori (a 2 km de Amalfi) en la zona llamada &#8220;Torre Paradiso&#8221;. Est\u00e1 ubicada en un [&hellip;]<\/p>\n","protected":false},"author":3,"featured_media":4870,"parent":0,"menu_order":0,"template":"","listing_type":[328],"room_type":[331],"amenities":[332,333,341,342,351,336,349,335,334,346,350,352,345,339,340],"facilities":[362,360,361,364,365,363],"listing_countries":[366],"listing_states":[368],"listing_cities":[372],"listing_areas":[374],"class_list":["post-4927","listing","type-listing","status-publish","has-post-thumbnail","hentry","listing_type-villa-es","room_type-estructura-completa","listing_amenity-aire-acondicionado","listing_amenity-area-de-barbacoa","listing_amenity-bano-con-ducha-hidromasaje","listing_amenity-cocina-equipada","listing_amenity-descenso-al-mar-privado","listing_amenity-horno-de-microondas","listing_amenity-jacuzzi-es","listing_amenity-lavadora","listing_amenity-lavavajillas","listing_amenity-patio-al-aire-libre-con-mesa-y-sillas","listing_amenity-secadora","listing_amenity-solario","listing_amenity-toallas-y-sabanas","listing_amenity-tv","listing_amenity-wi-fi-es","listing_facility-aparcamiento-gratuito","listing_facility-farmacia-es","listing_facility-frente-la-playa","listing_facility-recepcion","listing_facility-seguridad","listing_facility-tiendas-y-supermercados","listing_country-italia-es","listing_state-costa-amalfitana","listing_city-ravello-es","listing_area-marmorata-minori-es"],"yoast_head":"<!-- This site is optimized with the Yoast SEO plugin v27.4 - https:\/\/yoast.com\/product\/yoast-seo-wordpress\/ -->\n<title>Villa Gioiello - Alfieri Immobiliare - Amalfi - Real estate &amp; Vacation rentals<\/title>\n<meta name=\"robots\" content=\"index, follow, max-snippet:-1, max-image-preview:large, max-video-preview:-1\" \/>\n<link rel=\"canonical\" href=\"https:\/\/alfieri-immobiliare.com\/es\/apartment\/gioiello\/\" \/>\n<meta property=\"og:locale\" content=\"es_ES\" \/>\n<meta property=\"og:type\" content=\"article\" \/>\n<meta property=\"og:title\" content=\"Villa Gioiello - Alfieri Immobiliare - Amalfi - Real estate &amp; Vacation rentals\" \/>\n<meta property=\"og:description\" content=\"La villa &#8220;Gioiello &#8221; es una maravillosa estructura extra lujo con vista al mar ubicada en el municipio de Minori (a 2 km de Amalfi) en la zona llamada &#8220;Torre Paradiso&#8221;. Est\u00e1 ubicada en un [&hellip;]\" \/>\n<meta property=\"og:url\" content=\"https:\/\/alfieri-immobiliare.com\/es\/apartment\/gioiello\/\" \/>\n<meta property=\"og:site_name\" content=\"Alfieri Immobiliare - Amalfi - Real estate &amp; Vacation rentals\" \/>\n<meta property=\"article:modified_time\" content=\"2024-05-10T16:08:09+00:00\" \/>\n<meta property=\"og:image\" content=\"https:\/\/alfieri-immobiliare.com\/wp-content\/uploads\/2020\/02\/foto-sito-50-scaled.jpg\" \/>\n\t<meta property=\"og:image:width\" content=\"1626\" \/>\n\t<meta property=\"og:image:height\" content=\"1920\" \/>\n\t<meta property=\"og:image:type\" content=\"image\/jpeg\" \/>\n<meta name=\"twitter:card\" content=\"summary_large_image\" \/>\n<meta name=\"twitter:label1\" content=\"Tiempo de lectura\" \/>\n\t<meta name=\"twitter:data1\" content=\"1 minuto\" \/>\n<script type=\"application\/ld+json\" class=\"yoast-schema-graph\">{\"@context\":\"https:\\\/\\\/schema.org\",\"@graph\":[{\"@type\":\"WebPage\",\"@id\":\"https:\\\/\\\/alfieri-immobiliare.com\\\/es\\\/apartment\\\/gioiello\\\/\",\"url\":\"https:\\\/\\\/alfieri-immobiliare.com\\\/es\\\/apartment\\\/gioiello\\\/\",\"name\":\"Villa Gioiello - Alfieri Immobiliare - Amalfi - Real estate & Vacation rentals\",\"isPartOf\":{\"@id\":\"https:\\\/\\\/alfieri-immobiliare.com\\\/es\\\/#website\"},\"primaryImageOfPage\":{\"@id\":\"https:\\\/\\\/alfieri-immobiliare.com\\\/es\\\/apartment\\\/gioiello\\\/#primaryimage\"},\"image\":{\"@id\":\"https:\\\/\\\/alfieri-immobiliare.com\\\/es\\\/apartment\\\/gioiello\\\/#primaryimage\"},\"thumbnailUrl\":\"https:\\\/\\\/alfieri-immobiliare.com\\\/wp-content\\\/uploads\\\/2020\\\/02\\\/foto-sito-50-scaled.jpg\",\"datePublished\":\"2020-02-15T07:03:37+00:00\",\"dateModified\":\"2024-05-10T16:08:09+00:00\",\"breadcrumb\":{\"@id\":\"https:\\\/\\\/alfieri-immobiliare.com\\\/es\\\/apartment\\\/gioiello\\\/#breadcrumb\"},\"inLanguage\":\"es\",\"potentialAction\":[{\"@type\":\"ReadAction\",\"target\":[\"https:\\\/\\\/alfieri-immobiliare.com\\\/es\\\/apartment\\\/gioiello\\\/\"]}]},{\"@type\":\"ImageObject\",\"inLanguage\":\"es\",\"@id\":\"https:\\\/\\\/alfieri-immobiliare.com\\\/es\\\/apartment\\\/gioiello\\\/#primaryimage\",\"url\":\"https:\\\/\\\/alfieri-immobiliare.com\\\/wp-content\\\/uploads\\\/2020\\\/02\\\/foto-sito-50-scaled.jpg\",\"contentUrl\":\"https:\\\/\\\/alfieri-immobiliare.com\\\/wp-content\\\/uploads\\\/2020\\\/02\\\/foto-sito-50-scaled.jpg\",\"width\":2168,\"height\":2560},{\"@type\":\"BreadcrumbList\",\"@id\":\"https:\\\/\\\/alfieri-immobiliare.com\\\/es\\\/apartment\\\/gioiello\\\/#breadcrumb\",\"itemListElement\":[{\"@type\":\"ListItem\",\"position\":1,\"name\":\"Home\",\"item\":\"https:\\\/\\\/alfieri-immobiliare.com\\\/es\\\/nuova-home\\\/\"},{\"@type\":\"ListItem\",\"position\":2,\"name\":\"Anuncio\",\"item\":\"https:\\\/\\\/alfieri-immobiliare.com\\\/es\\\/apartment\\\/\"},{\"@type\":\"ListItem\",\"position\":3,\"name\":\"Villa Gioiello\"}]},{\"@type\":\"WebSite\",\"@id\":\"https:\\\/\\\/alfieri-immobiliare.com\\\/es\\\/#website\",\"url\":\"https:\\\/\\\/alfieri-immobiliare.com\\\/es\\\/\",\"name\":\"Alfieri Immobiliare - Amalfi - Real estate & Vacation rentals\",\"description\":\"Real estate & Vacation rentals\",\"publisher\":{\"@id\":\"https:\\\/\\\/alfieri-immobiliare.com\\\/es\\\/#organization\"},\"potentialAction\":[{\"@type\":\"SearchAction\",\"target\":{\"@type\":\"EntryPoint\",\"urlTemplate\":\"https:\\\/\\\/alfieri-immobiliare.com\\\/es\\\/?s={search_term_string}\"},\"query-input\":{\"@type\":\"PropertyValueSpecification\",\"valueRequired\":true,\"valueName\":\"search_term_string\"}}],\"inLanguage\":\"es\"},{\"@type\":\"Organization\",\"@id\":\"https:\\\/\\\/alfieri-immobiliare.com\\\/es\\\/#organization\",\"name\":\"Alfieri Rooms\",\"url\":\"https:\\\/\\\/alfieri-immobiliare.com\\\/es\\\/\",\"logo\":{\"@type\":\"ImageObject\",\"inLanguage\":\"es\",\"@id\":\"https:\\\/\\\/alfieri-immobiliare.com\\\/es\\\/#\\\/schema\\\/logo\\\/image\\\/\",\"url\":\"https:\\\/\\\/alfieri-immobiliare.com\\\/wp-content\\\/uploads\\\/2019\\\/04\\\/alfieri-rooms-logo-white.png\",\"contentUrl\":\"https:\\\/\\\/alfieri-immobiliare.com\\\/wp-content\\\/uploads\\\/2019\\\/04\\\/alfieri-rooms-logo-white.png\",\"width\":128,\"height\":30,\"caption\":\"Alfieri Rooms\"},\"image\":{\"@id\":\"https:\\\/\\\/alfieri-immobiliare.com\\\/es\\\/#\\\/schema\\\/logo\\\/image\\\/\"}}]}<\/script>\n<!-- \/ Yoast SEO plugin. -->","yoast_head_json":{"title":"Villa Gioiello - Alfieri Immobiliare - Amalfi - Real estate & Vacation rentals","robots":{"index":"index","follow":"follow","max-snippet":"max-snippet:-1","max-image-preview":"max-image-preview:large","max-video-preview":"max-video-preview:-1"},"canonical":"https:\/\/alfieri-immobiliare.com\/es\/apartment\/gioiello\/","og_locale":"es_ES","og_type":"article","og_title":"Villa Gioiello - Alfieri Immobiliare - Amalfi - Real estate & Vacation rentals","og_description":"La villa &#8220;Gioiello &#8221; es una maravillosa estructura extra lujo con vista al mar ubicada en el municipio de Minori (a 2 km de Amalfi) en la zona llamada &#8220;Torre Paradiso&#8221;. Est\u00e1 ubicada en un [&hellip;]","og_url":"https:\/\/alfieri-immobiliare.com\/es\/apartment\/gioiello\/","og_site_name":"Alfieri Immobiliare - Amalfi - Real estate & Vacation rentals","article_modified_time":"2024-05-10T16:08:09+00:00","og_image":[{"width":1626,"height":1920,"url":"https:\/\/alfieri-immobiliare.com\/wp-content\/uploads\/2020\/02\/foto-sito-50-scaled.jpg","type":"image\/jpeg"}],"twitter_card":"summary_large_image","twitter_misc":{"Tiempo de lectura":"1 minuto"},"schema":{"@context":"https:\/\/schema.org","@graph":[{"@type":"WebPage","@id":"https:\/\/alfieri-immobiliare.com\/es\/apartment\/gioiello\/","url":"https:\/\/alfieri-immobiliare.com\/es\/apartment\/gioiello\/","name":"Villa Gioiello - Alfieri Immobiliare - Amalfi - Real estate & Vacation rentals","isPartOf":{"@id":"https:\/\/alfieri-immobiliare.com\/es\/#website"},"primaryImageOfPage":{"@id":"https:\/\/alfieri-immobiliare.com\/es\/apartment\/gioiello\/#primaryimage"},"image":{"@id":"https:\/\/alfieri-immobiliare.com\/es\/apartment\/gioiello\/#primaryimage"},"thumbnailUrl":"https:\/\/alfieri-immobiliare.com\/wp-content\/uploads\/2020\/02\/foto-sito-50-scaled.jpg","datePublished":"2020-02-15T07:03:37+00:00","dateModified":"2024-05-10T16:08:09+00:00","breadcrumb":{"@id":"https:\/\/alfieri-immobiliare.com\/es\/apartment\/gioiello\/#breadcrumb"},"inLanguage":"es","potentialAction":[{"@type":"ReadAction","target":["https:\/\/alfieri-immobiliare.com\/es\/apartment\/gioiello\/"]}]},{"@type":"ImageObject","inLanguage":"es","@id":"https:\/\/alfieri-immobiliare.com\/es\/apartment\/gioiello\/#primaryimage","url":"https:\/\/alfieri-immobiliare.com\/wp-content\/uploads\/2020\/02\/foto-sito-50-scaled.jpg","contentUrl":"https:\/\/alfieri-immobiliare.com\/wp-content\/uploads\/2020\/02\/foto-sito-50-scaled.jpg","width":2168,"height":2560},{"@type":"BreadcrumbList","@id":"https:\/\/alfieri-immobiliare.com\/es\/apartment\/gioiello\/#breadcrumb","itemListElement":[{"@type":"ListItem","position":1,"name":"Home","item":"https:\/\/alfieri-immobiliare.com\/es\/nuova-home\/"},{"@type":"ListItem","position":2,"name":"Anuncio","item":"https:\/\/alfieri-immobiliare.com\/es\/apartment\/"},{"@type":"ListItem","position":3,"name":"Villa Gioiello"}]},{"@type":"WebSite","@id":"https:\/\/alfieri-immobiliare.com\/es\/#website","url":"https:\/\/alfieri-immobiliare.com\/es\/","name":"Alfieri Immobiliare - Amalfi - Real estate & Vacation rentals","description":"Real estate & Vacation rentals","publisher":{"@id":"https:\/\/alfieri-immobiliare.com\/es\/#organization"},"potentialAction":[{"@type":"SearchAction","target":{"@type":"EntryPoint","urlTemplate":"https:\/\/alfieri-immobiliare.com\/es\/?s={search_term_string}"},"query-input":{"@type":"PropertyValueSpecification","valueRequired":true,"valueName":"search_term_string"}}],"inLanguage":"es"},{"@type":"Organization","@id":"https:\/\/alfieri-immobiliare.com\/es\/#organization","name":"Alfieri Rooms","url":"https:\/\/alfieri-immobiliare.com\/es\/","logo":{"@type":"ImageObject","inLanguage":"es","@id":"https:\/\/alfieri-immobiliare.com\/es\/#\/schema\/logo\/image\/","url":"https:\/\/alfieri-immobiliare.com\/wp-content\/uploads\/2019\/04\/alfieri-rooms-logo-white.png","contentUrl":"https:\/\/alfieri-immobiliare.com\/wp-content\/uploads\/2019\/04\/alfieri-rooms-logo-white.png","width":128,"height":30,"caption":"Alfieri Rooms"},"image":{"@id":"https:\/\/alfieri-immobiliare.com\/es\/#\/schema\/logo\/image\/"}}]}},"_links":{"self":[{"href":"https:\/\/alfieri-immobiliare.com\/es\/wp-json\/wp\/v2\/listings\/4927","targetHints":{"allow":["GET"]}}],"collection":[{"href":"https:\/\/alfieri-immobiliare.com\/es\/wp-json\/wp\/v2\/listings"}],"about":[{"href":"https:\/\/alfieri-immobiliare.com\/es\/wp-json\/wp\/v2\/types\/listing"}],"author":[{"embeddable":true,"href":"https:\/\/alfieri-immobiliare.com\/es\/wp-json\/wp\/v2\/users\/3"}],"version-history":[{"count":1,"href":"https:\/\/alfieri-immobiliare.com\/es\/wp-json\/wp\/v2\/listings\/4927\/revisions"}],"predecessor-version":[{"id":9549,"href":"https:\/\/alfieri-immobiliare.com\/es\/wp-json\/wp\/v2\/listings\/4927\/revisions\/9549"}],"wp:featuredmedia":[{"embeddable":true,"href":"https:\/\/alfieri-immobiliare.com\/es\/wp-json\/wp\/v2\/media\/4870"}],"wp:attachment":[{"href":"https:\/\/alfieri-immobiliare.com\/es\/wp-json\/wp\/v2\/media?parent=4927"}],"wp:term":[{"taxonomy":"listing_type","embeddable":true,"href":"https:\/\/alfieri-immobiliare.com\/es\/wp-json\/wp\/v2\/listing_type?post=4927"},{"taxonomy":"room_type","embeddable":true,"href":"https:\/\/alfieri-immobiliare.com\/es\/wp-json\/wp\/v2\/room_type?post=4927"},{"taxonomy":"listing_amenity","embeddable":true,"href":"https:\/\/alfieri-immobiliare.com\/es\/wp-json\/wp\/v2\/amenities?post=4927"},{"taxonomy":"listing_facility","embeddable":true,"href":"https:\/\/alfieri-immobiliare.com\/es\/wp-json\/wp\/v2\/facilities?post=4927"},{"taxonomy":"listing_country","embeddable":true,"href":"https:\/\/alfieri-immobiliare.com\/es\/wp-json\/wp\/v2\/listing_countries?post=4927"},{"taxonomy":"listing_state","embeddable":true,"href":"https:\/\/alfieri-immobiliare.com\/es\/wp-json\/wp\/v2\/listing_states?post=4927"},{"taxonomy":"listing_city","embeddable":true,"href":"https:\/\/alfieri-immobiliare.com\/es\/wp-json\/wp\/v2\/listing_cities?post=4927"},{"taxonomy":"listing_area","embeddable":true,"href":"https:\/\/alfieri-immobiliare.com\/es\/wp-json\/wp\/v2\/listing_areas?post=4927"}],"curies":[{"name":"wp","href":"https:\/\/api.w.org\/{rel}","templated":true}]}}